{"id":27,"date":"2024-11-21T12:20:53","date_gmt":"2024-11-21T12:20:53","guid":{"rendered":"https:\/\/xn--fizjoterapia-zarzyski-zsd.pl\/?page_id=27"},"modified":"2026-01-19T19:42:08","modified_gmt":"2026-01-19T19:42:08","slug":"nasz-zespol","status":"publish","type":"page","link":"https:\/\/xn--fizjoterapia-zarzyski-zsd.pl\/?page_id=27","title":{"rendered":"Nasz zesp\u00f3\u0142"},"content":{"rendered":"\n<p><\/p>\n\n\n<div class=\"wp-block-image is-style-default\">\n<figure class=\"alignleft size-full is-resized\"><img loading=\"lazy\" decoding=\"async\" width=\"250\" height=\"250\" src=\"https:\/\/xn--fizjoterapia-zarzyski-zsd.pl\/wp-content\/uploads\/2024\/11\/marcin250x.jpg\" alt=\"\" class=\"wp-image-40\" style=\"width:394px;height:auto\" srcset=\"https:\/\/xn--fizjoterapia-zarzyski-zsd.pl\/wp-content\/uploads\/2024\/11\/marcin250x.jpg 250w, https:\/\/xn--fizjoterapia-zarzyski-zsd.pl\/wp-content\/uploads\/2024\/11\/marcin250x-150x150.jpg 150w\" sizes=\"auto, (max-width: 250px) 100vw, 250px\" \/><\/figure>\n<\/div>\n\n\n<p><strong>Marcin Zarzy\u0144ski<br>Za\u0142o\u017cyciel fizjoterapia-zarzy\u0144ski.pl<\/strong><br><br>Moim wielkim pragnieniem i marzeniem od zawsze, by\u0142o pomaga\u0107 ludziom. Zg\u0142\u0119biaj\u0105c wszystkie elementy terapii, doszed\u0142em do momentu w kt\u00f3rym zatrzyma\u0142em si\u0119. Wieloletnia praktyka w obr\u0119bie pracy neurofizjologicznej dzieci, praktyka terapii ortopedycznej i poszukiwa\u0144 z\u0142otego \u015brodka. Zaprowadzi\u0142y mnie do zg\u0142\u0119biania ludzkiego zdrowia, zamykaj\u0105c klamr\u0105 wszystkie elementy definicji zdrowia. Zdrowie fizyczne, psychicznie i spo\u0142eczne jest wzajemnie od siebie zale\u017cne i po\u0142\u0105czone. W ten spos\u00f3b powsta\u0142 koncept powstania plac\u00f3wki w jakiej cz\u0142owiek mo\u017ce znale\u017a\u0107 wszystko czego potrzebuje, w domowej atmosferze. Techniki u\u017cywane przeze mnie by\u0142y ca\u0142y czas modyfikowane i poprawiane, w celu osi\u0105gni\u0119cia celowanej terapii. Tak powsta\u0142 autorski program zaopiekowania si\u0119 i obj\u0119cia z mi\u0142o\u015bci\u0105, pasj\u0105, ca\u0142okszta\u0142tu organizmu ludzkiego. St\u0105d ,,r\u00f3wnowaga esencj\u0105 ca\u0142okszta\u0142tu &#8222;. Zajmuj\u0119 si\u0119 tak\u017ce warsztatami i szkoleniami w obr\u0119bie zdrowia spo\u0142ecznego. Szkolenia dla masa\u017cyst\u00f3w i fizjoterapeut\u00f3w z zakresu metodyki pracy, wed\u0142ug opracowanych autorskich technik.<br><br>Serdecznie zapraszam<br>Marcin Zarzy\u0144ski<\/p>\n\n\n\n<p><strong>Dni pracy:<br>Od poniedzia\u0142ku do pi\u0105tku<\/strong><\/p>\n\n\n\n<p><strong>Kontakt:<br>marcin(at)fizjoterapia-zarzynski.pl<br>tel.: +48 506 937 207<\/strong><\/p>\n\n\n\n<hr class=\"wp-block-separator has-alpha-channel-opacity\"\/>\n\n\n<div class=\"wp-block-image is-style-default\">\n<figure class=\"alignright size-full is-resized\"><img loading=\"lazy\" decoding=\"async\" width=\"250\" height=\"250\" src=\"https:\/\/xn--fizjoterapia-zarzyski-zsd.pl\/wp-content\/uploads\/2024\/11\/psychologia250xmalgorzata.jpg\" alt=\"\" class=\"wp-image-31\" style=\"width:392px;height:auto\" srcset=\"https:\/\/xn--fizjoterapia-zarzyski-zsd.pl\/wp-content\/uploads\/2024\/11\/psychologia250xmalgorzata.jpg 250w, https:\/\/xn--fizjoterapia-zarzyski-zsd.pl\/wp-content\/uploads\/2024\/11\/psychologia250xmalgorzata-150x150.jpg 150w\" sizes=\"auto, (max-width: 250px) 100vw, 250px\" \/><\/figure>\n<\/div>\n\n\n<p class=\"has-text-align-left\"><strong>Ma\u0142gorzata Gorajska <\/strong><strong>psycholog, psycholog sportu<\/strong><\/p>\n\n\n\n<p class=\"has-text-align-left\">Jestem psychologiem pracuj\u0105cym z osobami, kt\u00f3re chc\u0105 zadba\u0107 o komfort i r\u00f3wnowag\u0119 w najbardziej istotnych sferach swojego \u017cycia. Wsp\u00f3\u0142pracuj\u0119 r\u00f3wnie\u017c ze sportowcami i trenerami poziomu profesjonalnego oraz amatorskiego w obszarze przygotowania mentalnego. &nbsp; <br>W swojej pracy akcentuj\u0119 znaczenie zasob\u00f3w cz\u0142owieka, czyli ju\u017c posiadanych przez niego do\u015bwiadcze\u0144, umiej\u0119tno\u015bci, warto\u015bci, wsparcia, kt\u00f3re wspomagaj\u0105 proces zmiany. Wa\u017cne jest dla mnie ca\u0142o\u015bciowe spojrzenie na cz\u0142owieka, w kt\u00f3rym my\u015bli, emocje i cia\u0142o s\u0105 ze sob\u0105 po\u0142\u0105czone wzajemnie na siebie oddzia\u0142ywuj\u0105c. W pracy psychologa wykorzystuj\u0119 techniki z nurt\u00f3w poznawczo-behawioralnych i terapii terapii akceptacji i zaanga\u017cowania. &nbsp;<br><br>Zapraszam na konsultacje osoby doros\u0142e, kt\u00f3re: <br>&#8211; s\u0105 w trakcie dokonywania zmian \u017cyciowych, podejmowania nowych r\u00f3l, w procesie poznawania siebie &#8211; odczuwaj\u0105 przeci\u0105\u017cenie obowi\u0105zkami, prac\u0105, stresem, bod\u017acami z otoczenia <br>&#8211; potrzebuj\u0105 towarzyszenia w radzeniu sobie z codziennymi wyzwaniami i trudno\u015bciami <br>&#8211; chc\u0105 rozwin\u0105\u0107 umiej\u0119tno\u015bci stawiania granic, komunikacji z innymi <br>&#8211; do\u015bwiadczaj\u0105 obni\u017conego samopoczucia &#8211; anga\u017cuj\u0105 si\u0119 w dzia\u0142alno\u015b\u0107 sportow\u0105 i zale\u017cy im na rozwoju umiej\u0119tno\u015bci w obszarze przygotowania mentalnego m.in. regulacji emocjonalnej, koncentracji uwagi, technik relaksacji, wyznaczania cel\u00f3w, budowania pewno\u015bci siebie, radzenia sobie z kontuzj\u0105 <br>&#8211; trener\u00f3w chc\u0105cych poszerzy\u0107 swoj\u0105 wiedz\u0119 o aspekt mentalny uwzgl\u0119dniaj\u0105c go w procesie treningowym &nbsp;<\/p>\n\n\n\n<p><strong>Dni pracy:<br><strong>Od poniedzia\u0142ku do pi\u0105tku<\/strong><\/strong><\/p>\n\n\n\n<p><strong>Kontakt:<br>malgorzata(at)<strong>fizjoterapia-zarzynski.pl<\/strong><\/strong><\/p>\n\n\n\n<hr class=\"wp-block-separator has-alpha-channel-opacity\"\/>\n\n\n\n<div class=\"wp-block-group\"><div class=\"wp-block-group__inner-container is-layout-constrained wp-block-group-is-layout-constrained\"><div class=\"wp-block-image\">\n<figure class=\"alignleft size-full is-resized\"><img loading=\"lazy\" decoding=\"async\" width=\"300\" height=\"300\" src=\"https:\/\/xn--fizjoterapia-zarzyski-zsd.pl\/wp-content\/uploads\/2024\/11\/naturopata300x300.jpg\" alt=\"\" class=\"wp-image-63\" style=\"width:399px;height:auto\" srcset=\"https:\/\/xn--fizjoterapia-zarzyski-zsd.pl\/wp-content\/uploads\/2024\/11\/naturopata300x300.jpg 300w, https:\/\/xn--fizjoterapia-zarzyski-zsd.pl\/wp-content\/uploads\/2024\/11\/naturopata300x300-150x150.jpg 150w\" sizes=\"auto, (max-width: 300px) 100vw, 300px\" \/><\/figure>\n<\/div>\n\n\n<p class=\"has-text-align-left\"><strong>Agnieszka Malicka &#8211; dyplomowany naturopata<\/strong><br><br>Nazywam si\u0119 Agnieszka Malicka i jestem dyplomowanym naturopat\u0105. Moim g\u0142\u00f3wnym celem jest budowanie \u015bwiadomo\u015bci w zakresie dbania o ca\u0142o\u015bciowy dobrostan i homeostaz\u0119 organizmu. Pasjonuj\u0119 si\u0119 szeroko rozumianym powrotem do natury czyli \u015bwiadome od\u017cywianie, dobre nawyki, odpowiednie nawodnienie, aktywno\u015b\u0107 fizyczna a tak\u017ce relacje i emocje. Nieprawid\u0142owo\u015bci w tych obszarach manifestuj\u0105 si\u0119 chorobami w ciele, dlatego tak wa\u017cne jest odnalezienie przyczyn chor\u00f3b i kompleksowe dzia\u0142anie na organizm za pomoc\u0105 diety, zi\u00f3\u0142, suplementacji itp. Tylko wyeliminowanie przyczyn prowadzi do uzdrowienia, nie ma innej drogi. Tylko powr\u00f3t do natury przywr\u00f3ci r\u00f3wnowag\u0119 w organizmie. <br><br>Nasz organizm pod wp\u0142ywem up\u0142ywu czasu, przebytych lub trwaj\u0105cych chor\u00f3b, b\u0142\u0119d\u00f3w w od\u017cywianiu czy za\u017cywanych lek\u00f3w traci r\u00f3wnowag\u0119 i zdolno\u015b\u0107 samouzdrawiania, dlatego oferuj\u0119 indywidualne podej\u015bcie i spersonalizowane dzia\u0142ania, by wesprze\u0107 naturalne procesy organizmu.<br><br>Oferuj\u0119 wsparcie w chorobach przewlek\u0142ych takich jak np. cukrzyca, nadci\u015bnienie, problemy z<br>cholesterolem, choroby \u017co\u0142\u0105dka (m.in. zapalenie, refluks, helicobacter pylori), choroby zapalne jelit czy<br>inne choroby o pod\u0142o\u017cu zapalnym, choroby tarczycy, choroby nowotworowe, choroby<br>neurodegeneracyjne, depresja, choroby uk\u0142adu krwiono\u015bnego i serca czy poprawa i odbudowa odporno\u015bci. W przyjaznej i pe\u0142nej szacunku atmosferze, na podstawie ankiety i szczeg\u00f3\u0142owego wywiadu wsp\u00f3lnie opracujemy plan w celu polepszenia Twojego samopoczucia, z\u0142agodzenia lub wyeliminowania objaw\u00f3w, tak by jak najbardziej poprawi\u0107 komfort Twojego \u017cycia, odzyska\u0107 si\u0142y i czerpa\u0107 z niego pe\u0142nymi<br>gar\u015bciami.<br><br>Zapraszam do podr\u00f3\u017cy ze mn\u0105 w stron\u0119 zdrowia :).<\/p>\n<\/div><\/div>\n\n\n\n<p><var><strong>Przed wizyta prosz\u0119 o <a href=\"https:\/\/xn--fizjoterapia-zarzyski-zsd.pl\/wp-content\/uploads\/2025\/02\/Ankieta-naturoterapeuty.odt\">wype\u0142nienie ankiety<\/a> i podes\u0142anie jej na maila. \ud83d\ude42<\/strong><\/var><br><br><strong>Dni pracy:<br>Od poniedzia\u0142ku do pi\u0105tku<\/strong><\/p>\n\n\n\n<p><strong>Kontakt:<\/strong><br><strong>agnieszka.malicka(at)<strong><strong>fizjoterapia-zarzynski.pl<\/strong><\/strong><br>tel.: +48 533 410 098<\/strong><\/p>\n\n\n\n<hr class=\"wp-block-separator has-alpha-channel-opacity\"\/>\n\n\n<div class=\"wp-block-image\">\n<figure class=\"alignright size-full is-resized\"><img loading=\"lazy\" decoding=\"async\" width=\"350\" height=\"350\" src=\"https:\/\/xn--fizjoterapia-zarzyski-zsd.pl\/wp-content\/uploads\/2024\/11\/grzegorz350x350-1.jpg\" alt=\"\" class=\"wp-image-79\" style=\"width:405px;height:auto\" srcset=\"https:\/\/xn--fizjoterapia-zarzyski-zsd.pl\/wp-content\/uploads\/2024\/11\/grzegorz350x350-1.jpg 350w, https:\/\/xn--fizjoterapia-zarzyski-zsd.pl\/wp-content\/uploads\/2024\/11\/grzegorz350x350-1-300x300.jpg 300w, https:\/\/xn--fizjoterapia-zarzyski-zsd.pl\/wp-content\/uploads\/2024\/11\/grzegorz350x350-1-150x150.jpg 150w\" sizes=\"auto, (max-width: 350px) 100vw, 350px\" \/><\/figure>\n<\/div>\n\n\n<p><strong>Grzegorz Drzewiecki &#8211; masa\u017cysta<\/strong><\/p>\n\n\n\n<p>Nazywam si\u0119 Grzegorz i pewnego dnia odkry\u0142em, \u017ce masa\u017c to moje powo\u0142anie. Uwierzy\u0142em w jego moc, kiedy uszkodzi\u0142em kolana i dzi\u0119ki pracy oraz masa\u017cowi uda\u0142o mi si\u0119 je wyleczy\u0107. Zmieni\u0142em swoj\u0105 \u015bcie\u017ck\u0119 \u017cyciow\u0105 \u2013 po zdobyciu tytu\u0142u licencjata z historii, zdecydowa\u0142em si\u0119 p\u00f3j\u015b\u0107 do szko\u0142y masa\u017cu. Uko\u0144czy\u0142em kursy masa\u017cu relaksacyjnego orientalnego. Masa\u017c sta\u0142 si\u0119 moj\u0105 pasj\u0105, dlatego stale pog\u0142\u0119biam swoj\u0105 wiedz\u0119. Mam nadziej\u0119, \u017ce Pa\u0144stwo r\u00f3wnie\u017c z nasz\u0105 pomoc\u0105 uwierz\u0105 w lecznicz\u0105 si\u0142\u0119 masa\u017cu i pomo\u017cemy Pa\u0144stwu w zdj\u0119ciu codziennego stresu.<\/p>\n\n\n\n<p><strong>Dni pracy:<br><strong>Od poniedzia\u0142ku do pi\u0105tku<\/strong><\/strong><\/p>\n\n\n\n<p><strong>Kontakt:<br>grzegorz(at)<strong>fizjoterapia-zarzynski.pl<\/strong><br>tel.: +48 515 356 977<\/strong><\/p>\n\n\n\n<p><\/p>\n\n\n\n<p><br><\/p>\n\n\n\n<hr class=\"wp-block-separator has-alpha-channel-opacity\"\/>\n\n\n<div class=\"wp-block-image\">\n<figure class=\"alignleft size-full\"><img loading=\"lazy\" decoding=\"async\" width=\"400\" height=\"400\" src=\"https:\/\/xn--fizjoterapia-zarzyski-zsd.pl\/wp-content\/uploads\/2024\/11\/Aga_masaz.jpg\" alt=\"\" class=\"wp-image-180\" srcset=\"https:\/\/xn--fizjoterapia-zarzyski-zsd.pl\/wp-content\/uploads\/2024\/11\/Aga_masaz.jpg 400w, https:\/\/xn--fizjoterapia-zarzyski-zsd.pl\/wp-content\/uploads\/2024\/11\/Aga_masaz-300x300.jpg 300w, https:\/\/xn--fizjoterapia-zarzyski-zsd.pl\/wp-content\/uploads\/2024\/11\/Aga_masaz-150x150.jpg 150w\" sizes=\"auto, (max-width: 400px) 100vw, 400px\" \/><\/figure>\n<\/div>\n\n\n<p><strong>Agnieszka J\u0105drzyk &#8211; masa\u017cysta, fizjoterapeuta<\/strong><\/p>\n\n\n\n<p>Witajcie. Mam na imi\u0119 Agnieszka. Jestem pasjonatk\u0105 masa\u017cu i fizjoterapii. Moim marzeniem, jakie obecnie spe\u0142niam jest ch\u0119\u0107 zaopiekowania si\u0119 lud\u017ami. W kameralnej przestrzeni staram si\u0119 wnie\u015b\u0107 w Wasze \u017cycie spok\u00f3j, r\u00f3wnowag\u0119 i ukojenie w b\u00f3lu. Jako technik masa\u017cysta, staram si\u0119 wprowadzi\u0107 do organizmu r\u00f3wnowag\u0119 i harmoni\u0119. Dzi\u0119ki masa\u017com relaksacyjnym obejmuj\u0119 stres, stosuj\u0105c r\u00f3\u017cne techniki. Pozwala to w po\u0142\u0105czeniu z aromaterapi\u0105 i uwa\u017cnym dotykiem. Chcia\u0142bym tak\u017ce zaproponowa\u0107 Ci masa\u017c leczniczy w obszarze zwalczania b\u00f3lu, dzi\u0119ki kt\u00f3remu zrozumiesz jak pracowa\u0107 z sob\u0105 i odszuka\u0107 drog\u0119 do pe\u0142ni. Zapraszam Ci\u0119 na podr\u00f3\u017c w krain\u0119 spokoju, r\u00f3wnowagi i odpr\u0119\u017cenia. Agnieszka<\/p>\n\n\n\n<p><strong>Dni pracy:<br>Od poniedzia\u0142ku do pi\u0105tku<\/strong><\/p>\n\n\n\n<p><strong>Kontakt:<br>agnieszka.j(at)<strong>fizjoterapia-zarzynski.pl<\/strong><br>tel.: +48 571 459 804<\/strong><\/p>\n","protected":false},"excerpt":{"rendered":"<p>Marcin Zarzy\u0144skiZa\u0142o\u017cyciel fizjoterapia-zarzy\u0144ski.pl Moim wielkim pragnieniem i marzeniem od zawsze, by\u0142o pomaga\u0107 ludziom. Zg\u0142\u0119biaj\u0105c wszystkie elementy terapii, doszed\u0142em do momentu w kt\u00f3rym zatrzyma\u0142em si\u0119. Wieloletnia praktyka w obr\u0119bie pracy neurofizjologicznej dzieci, praktyka terapii ortopedycznej i poszukiwa\u0144 z\u0142otego \u015brodka. Zaprowadzi\u0142y mnie do zg\u0142\u0119biania ludzkiego zdrowia, zamykaj\u0105c klamr\u0105 wszystkie elementy definicji zdrowia. Zdrowie fizyczne, psychicznie i spo\u0142eczne [&hellip;]<\/p>\n","protected":false},"author":1,"featured_media":0,"parent":0,"menu_order":0,"comment_status":"closed","ping_status":"closed","template":"","meta":{"footnotes":""},"class_list":["post-27","page","type-page","status-publish","hentry"],"_links":{"self":[{"href":"https:\/\/xn--fizjoterapia-zarzyski-zsd.pl\/index.php?rest_route=\/wp\/v2\/pages\/27","targetHints":{"allow":["GET"]}}],"collection":[{"href":"https:\/\/xn--fizjoterapia-zarzyski-zsd.pl\/index.php?rest_route=\/wp\/v2\/pages"}],"about":[{"href":"https:\/\/xn--fizjoterapia-zarzyski-zsd.pl\/index.php?rest_route=\/wp\/v2\/types\/page"}],"author":[{"embeddable":true,"href":"https:\/\/xn--fizjoterapia-zarzyski-zsd.pl\/index.php?rest_route=\/wp\/v2\/users\/1"}],"replies":[{"embeddable":true,"href":"https:\/\/xn--fizjoterapia-zarzyski-zsd.pl\/index.php?rest_route=%2Fwp%2Fv2%2Fcomments&post=27"}],"version-history":[{"count":101,"href":"https:\/\/xn--fizjoterapia-zarzyski-zsd.pl\/index.php?rest_route=\/wp\/v2\/pages\/27\/revisions"}],"predecessor-version":[{"id":294,"href":"https:\/\/xn--fizjoterapia-zarzyski-zsd.pl\/index.php?rest_route=\/wp\/v2\/pages\/27\/revisions\/294"}],"wp:attachment":[{"href":"https:\/\/xn--fizjoterapia-zarzyski-zsd.pl\/index.php?rest_route=%2Fwp%2Fv2%2Fmedia&parent=27"}],"curies":[{"name":"wp","href":"https:\/\/api.w.org\/{rel}","templated":true}]}}